{"id":1062,"date":"2021-01-25T21:09:36","date_gmt":"2021-01-25T21:09:36","guid":{"rendered":"https:\/\/www.cecal.net\/inicio\/?page_id=1062"},"modified":"2021-01-27T18:37:28","modified_gmt":"2021-01-27T18:37:28","slug":"conferences","status":"publish","type":"page","link":"https:\/\/www.cecal.net\/inicio\/conferences\/","title":{"rendered":"CONFERENCES"},"content":{"rendered":"\t\t<div data-elementor-type=\"wp-page\" data-elementor-id=\"1062\" class=\"elementor elementor-1062\">\n\t\t\t\t\t\t<section class=\"elementor-section elementor-top-section elementor-element elementor-element-528b7fc elementor-section-full_width elementor-section-content-middle elementor-section-height-default elementor-section-height-default\" data-id=\"528b7fc\" data-element_type=\"section\" data-settings=\"{&quot;background_background&quot;:&quot;classic&quot;}\">\n\t\t\t\t\t\t\t<div class=\"elementor-background-overlay\"><\/div>\n\t\t\t\t\t\t\t<div class=\"elementor-container elementor-column-gap-default\">\n\t\t\t\t\t<div class=\"elementor-column elementor-col-100 elementor-top-column elementor-element elementor-element-344f35f\" data-id=\"344f35f\" data-element_type=\"column\">\n\t\t\t<div class=\"elementor-widget-wrap elementor-element-populated\">\n\t\t\t\t\t\t<div class=\"elementor-element elementor-element-feff1b3 elementor-invisible elementor-widget elementor-widget-heading\" data-id=\"feff1b3\" data-element_type=\"widget\" data-settings=\"{&quot;_animation&quot;:&quot;zoomIn&quot;,&quot;_animation_delay&quot;:420}\" data-widget_type=\"heading.default\">\n\t\t\t\t<div class=\"elementor-widget-container\">\n\t\t\t\t\t<h2 class=\"elementor-heading-title elementor-size-large\">ONG statut consultatif avec<br> \nECOSOC, OMPI, CNUCED<\/h2>\t\t\t\t<\/div>\n\t\t\t\t<\/div>\n\t\t\t\t<div class=\"elementor-element elementor-element-ad2f06c animated-slow elementor-invisible elementor-widget elementor-widget-image\" data-id=\"ad2f06c\" data-element_type=\"widget\" data-settings=\"{&quot;_animation&quot;:&quot;zoomIn&quot;,&quot;_animation_delay&quot;:750}\" data-widget_type=\"image.default\">\n\t\t\t\t<div class=\"elementor-widget-container\">\n\t\t\t\t\t\t\t\t\t\t\t\t\t\t\t<img decoding=\"async\" width=\"200\" height=\"164\" src=\"https:\/\/www.cecal.net\/inicio\/wp-content\/uploads\/2021\/01\/r.jpg\" class=\"attachment-large size-large wp-image-300\" alt=\"\" \/>\t\t\t\t\t\t\t\t\t\t\t\t\t\t\t<\/div>\n\t\t\t\t<\/div>\n\t\t\t\t\t<\/div>\n\t\t<\/div>\n\t\t\t\t\t<\/div>\n\t\t<\/section>\n\t\t\t\t<section class=\"elementor-section elementor-top-section elementor-element elementor-element-5a8b9850 elementor-section-boxed elementor-section-height-default elementor-section-height-default\" data-id=\"5a8b9850\" data-element_type=\"section\">\n\t\t\t\t\t\t<div class=\"elementor-container elementor-column-gap-default\">\n\t\t\t\t\t\t<\/div>\n\t\t<\/section>\n\t\t\t\t<section class=\"elementor-section elementor-top-section elementor-element elementor-element-55bab9d elementor-section-boxed elementor-section-height-default elementor-section-height-default\" data-id=\"55bab9d\" data-element_type=\"section\">\n\t\t\t\t\t\t<div class=\"elementor-container elementor-column-gap-default\">\n\t\t\t\t\t<div class=\"elementor-column elementor-col-100 elementor-top-column elementor-element elementor-element-7bc327ec elementor-invisible\" data-id=\"7bc327ec\" data-element_type=\"column\" data-settings=\"{&quot;animation&quot;:&quot;fadeInLeft&quot;,&quot;animation_delay&quot;:500}\">\n\t\t\t<div class=\"elementor-widget-wrap elementor-element-populated\">\n\t\t\t\t\t\t<div class=\"elementor-element elementor-element-72134702 elementor-widget elementor-widget-text-editor\" data-id=\"72134702\" data-element_type=\"widget\" data-widget_type=\"text-editor.default\">\n\t\t\t\t<div class=\"elementor-widget-container\">\n\t\t\t\t\t\t\t\t\t\n<p class=\"has-text-align-center\"><a href=\"https:\/\/www.cecal.net\/inicio\/wp-content\/uploads\/2021\/01\/CONFERENCES_INTERNATIONALES_CECAL_2000_2005.pdf\" target=\"_blank\" rel=\"noopener\"><span style=\"color: #ff0000;\"><em><strong>CONFERENCES INTERNATIONALES<\/strong><\/em><\/span><\/a><\/p>\n\n<p class=\"has-text-align-center\"><a href=\"https:\/\/www.cecal.net\/inicio\/wp-content\/uploads\/2021\/01\/CONFERENCES_INTERNATIONALES_CECAL_2000_2005.pdf\" target=\"_blank\" rel=\"noopener\"><em><strong>(2001-2005)<\/strong><\/em><\/a><\/p>\n\n<p class=\"has-text-align-center\">\u00abLes contraintes dans la production et la commercialisation de l\u2019eau dans les pays andins\u00bb<\/p>\n\n<p class=\"has-text-align-center\">Atelier\u00a0: Gestion priv\u00e9e, gestion publique de l\u2019eau<\/p>\n\n<p class=\"has-text-align-center\">2<sup>\u00e8me<\/sup>\u00a0Forum alternative sur l\u2019eau (www.fame2005.org)<\/p>\n\n<p class=\"has-text-align-center\">Universit\u00e9 de Gen\u00e8ve, le 17-20 mars 2005<\/p>\n\n<p class=\"has-text-align-center\">\u00a0\u00abLes partis politiques et la crise institutionnelle dans le cadre de la globalisation \u00e9conomique\u00bb<\/p>\n\n<p class=\"has-text-align-center\">Symposium \u00abCrise de l&#8217;Etat Latino-am\u00e9ricain 1990-2000\u00bb<\/p>\n\n<p class=\"has-text-align-center\">IV Congr\u00e8s Europ\u00e9en CEISAL (www.ceisal2004.sk)<\/p>\n\n<p class=\"has-text-align-center\">4-7 juillet 2004<\/p>\n\n<p class=\"has-text-align-center\">Universit\u00e9 d&#8217;Economie de Bratislava &#8211; Slovaque<\/p>\n\n<p class=\"has-text-align-center\">\u00abLa construction d\u00e9mocratique, les nouvelles tendances: le cas du P\u00e9rou\u00bb<\/p>\n\n<p class=\"has-text-align-center\">S\u00e9minaire de printemps 2004 : \u00abLe sommet de Mexico: Dialogue Union europ\u00e9enne &#8211; Am\u00e9rique latine\u00bb<\/p>\n\n<p class=\"has-text-align-center\">Organis\u00e9 par le Centre d&#8217;Etude et de Promotion des Relations entre les Pays de la C.E. et de l&#8217;Am\u00e9rique Latine &#8211; CERCAL, Universit\u00e9 libre de Bruxelles<\/p>\n\n<p class=\"has-text-align-center\">Mardi 9 mars 2004, 19h00<\/p>\n\n<p class=\"has-text-align-center\">Universit\u00e9 Libre de Bruxelles &#8211; Belgique, Auditoire 1308<\/p>\n\n<p class=\"has-text-align-center\">Conf\u00e9rence &#8211; D\u00e9bat \u201c La d\u00e9mocratie en Am\u00e9rique latine entre mythe et r\u00e9alit\u00e9 \u201d<\/p>\n\n<p class=\"has-text-align-center\">Organis\u00e9e par les Amis du Monde Diplomatique en collaboration avec le Collectif Colores Latino americanos (www.amis-de-monde-diplomatique.fr)<\/p>\n\n<p class=\"has-text-align-center\">Lundi 17 novembre 2003, 20h30<\/p>\n\n<p class=\"has-text-align-center\">Sc\u00e8ne Nationale de la Rose des Vents, Villeneuve d&#8217;Ascq, Lille -France<\/p>\n\n<p class=\"has-text-align-center\">Foro Economique: Dix propositions pour renforcer la confiance entre l&#8217;Europe et l&#8217;Am\u00e9rique latine<\/p>\n\n<p class=\"has-text-align-center\">\u00ab4<sup>\u00e8me<\/sup>\u00a0rencontres Europe &#8211; Am\u00e9rique latine de Biarritz\u00bb<\/p>\n\n<p class=\"has-text-align-center\">Organis\u00e9 par le Gouvernement de l&#8217;Etat de Mexique et le Centre de Management Europe &#8211; Am\u00e9rique latine (CMEAL) (www.biarritz-Mexico.org)<\/p>\n\n<p class=\"has-text-align-center\">Jeudi 30 octobre 2003, 16h30-19h00<\/p>\n\n<p class=\"has-text-align-center\">H\u00f4tel El Santuario, Auditorium DOS,<\/p>\n\n<p class=\"has-text-align-center\">Valle de Bravo &#8211; Mexique<\/p>\n\n<p class=\"has-text-align-center\"><em>Table ronde 2\u00a0: Ce qu&#8217;attend l&#8217;Am\u00e9rique latine de l&#8217;Europe<\/em><\/p>\n\n<p class=\"has-text-align-center\">COLLOQUE Europe \u2013 Am\u00e9rique latine : vers un nouveau partenariat ?<\/p>\n\n<p class=\"has-text-align-center\">Organis\u00e9 par la revue Probl\u00e8mes d\u2019Am\u00e9rique latine en partenariat avec la Banque Interam\u00e9ricaine de D\u00e9veloppement et le Minist\u00e8re des Affaires \u00e9trang\u00e8res (www.choiseul.info)<\/p>\n\n<p class=\"has-text-align-center\">Mercredi 29 janvier 2003<\/p>\n\n<p class=\"has-text-align-center\">Centre international de conf\u00e9rences Kl\u00e9ber<\/p>\n\n<p class=\"has-text-align-center\">19, avenue Kl\u00e9ber &#8211; 75016 Paris \u2013 France<\/p>\n\n<p class=\"has-text-align-center\"><em>Table ronde 5\u00a0: L\u2019aide au d\u00e9veloppement (sous condition): moteur de la lutte contre la pauvret\u00e9.<\/em><\/p>\n\n<p class=\"has-text-align-center\">\u00ab\u00a03\u00e8mes rencontres Europe Am\u00e9rique Latine de Biarritz\u00a0\u00bb<\/p>\n\n<p class=\"has-text-align-center\">-le renforcement des partenariats en temps de crise-<\/p>\n\n<p class=\"has-text-align-center\">Organis\u00e9 par le Centre de Management Europe Am\u00e9rique Latine \u2013 CMEAL (www.cmeal.org)<\/p>\n\n<p class=\"has-text-align-center\">8 et 9 novembre 2002<\/p>\n\n<p class=\"has-text-align-center\">Espace Bellevue \u2013 Biarritz \u2013 France<\/p>\n\n<p class=\"has-text-align-center\">Table Ronde: Secteur Priv\u00e9 et D\u00e9veloppement &#8211; \u00ab\u00a0Forum Mondial de la Soci\u00e9t\u00e9 Civile\u00a0\u00bb<\/p>\n\n<p class=\"has-text-align-center\">Organis\u00e9 par Mandat International sous le patronage de la Conf\u00e9d\u00e9ration helv\u00e9tique (www.worldcivilsociety.org)<\/p>\n\n<p class=\"has-text-align-center\">14 \u2013 19 juillet 2002<\/p>\n\n<p class=\"has-text-align-center\">Centre International de Conf\u00e9rences de Gen\u00e8ve \u2013 CICG, Suisse<\/p>\n\n<p class=\"has-text-align-center\"><em>Round Table\u00a0: Addressing global sustainability and responsibility through local action<\/em><\/p>\n\n<p class=\"has-text-align-center\">2<sup>nd<\/sup>\u00a0International Conference \u00ab\u00a0Business and Municipality \u2013 New partnership for the 21<sup>st<\/sup>\u00a0century\u00bb<\/p>\n\n<p class=\"has-text-align-center\">Organized by the city of Bremen (www.bremen-initiative.de)<\/p>\n\n<p class=\"has-text-align-center\">April 4<sup>th<\/sup>\u00a0\u2013 7<sup>th<\/sup>\u00a02001<\/p>\n\n<p class=\"has-text-align-center\">H\u00f4tel Maritime, Bremen \u2013 Germany<\/p>\n\n<p style=\"text-align: center;\">\u00a0<\/p>\n\t\t\t\t\t\t\t\t<\/div>\n\t\t\t\t<\/div>\n\t\t\t\t\t<\/div>\n\t\t<\/div>\n\t\t\t\t<div class=\"elementor-column elementor-col-100 elementor-top-column elementor-element elementor-element-6dbdbd5 elementor-invisible\" data-id=\"6dbdbd5\" data-element_type=\"column\" data-settings=\"{&quot;animation&quot;:&quot;fadeInRight&quot;,&quot;animation_delay&quot;:1500}\">\n\t\t\t<div class=\"elementor-widget-wrap elementor-element-populated\">\n\t\t\t\t\t\t<div class=\"elementor-element elementor-element-0a99b4c elementor-widget elementor-widget-text-editor\" data-id=\"0a99b4c\" data-element_type=\"widget\" data-widget_type=\"text-editor.default\">\n\t\t\t\t<div class=\"elementor-widget-container\">\n\t\t\t\t\t\t\t\t\t\n<p class=\"has-text-align-center\"><a href=\"https:\/\/www.cecal.net\/inicio\/wp-content\/uploads\/2021\/01\/CONFERENCES-INTERNATIONALES_CECAL_1999_2021_FIN.pdf\" target=\"_blank\" rel=\"noopener\"><span style=\"color: #ff0000;\"><strong><em>ORGANISATION DES CONFERENCES<\/em><\/strong><\/span><\/a><\/p>\n\n<p class=\"has-text-align-center\"><a href=\"https:\/\/www.cecal.net\/inicio\/wp-content\/uploads\/2021\/01\/CONFERENCES-INTERNATIONALES_CECAL_1999_2021_FIN.pdf\" target=\"_blank\" rel=\"noopener\"><strong><em>(1999 -2001)<\/em><\/strong><\/a><\/p>\n\n<p class=\"has-text-align-center\">\u00ab\u00a0Opportunit\u00e9s d&#8217;Affaires et d&#8217;Investissements en Am\u00e9rique Latine\u00a0\u00bb, Gen\u00e8ve-Mai 1999<\/p>\n\n<p class=\"has-text-align-center\">Avec le concours des missions diplomatiques de l&#8217;Equateur, du Costa Rica et du Mexique.<\/p>\n\n<p class=\"has-text-align-center\">\u00ab\u00a0Les effets des nouvelles technologies de communication\u00a0\u00bb,\u00a0Gen\u00e8ve-Suisse, Juin 2000<\/p>\n\n<p class=\"has-text-align-center\">Avec le concours des soci\u00e9t\u00e9s Eurige Management (Bordeaux) S.A.\u00a0 et Interoute Telecommunications (Suisse)<\/p>\n\n<p class=\"has-text-align-center\">\u00ab\u00a0Perspectives des entreprises en Am\u00e9rique Latine\u00a0\u00bb, Gen\u00e8ve-Suisse,\u00a0 Juin 2000.<\/p>\n\n<p class=\"has-text-align-center\">Avec le concours de la repr\u00e9sentation diplomatique de l&#8217;Uruguay et du World Economic Forum<\/p>\n\n<p class=\"has-text-align-center\">\u00ab\u00a0La coop\u00e9ration de la Suisse avec l\u2019Am\u00e9rique Latine\u00a0\u00bb, Gen\u00e8ve \u2013 Suisse, septembre 2001<\/p>\n\n<p class=\"has-text-align-center\">Avec le concours du Secr\u00e9tariat d\u2019Etat \u00e0 l\u2019Economie &#8211; Suisse<\/p>\n<p>\u00a0<\/p>\n<p style=\"text-align: center;\"><span style=\"color: #ff0000;\"><a style=\"color: #ff0000;\" href=\"https:\/\/www.cecal.net\/inicio\/wp-content\/uploads\/2021\/01\/FOIRES_INTERNATIONALES_1999_2000.pdf\" target=\"_blank\" rel=\"noopener\"><strong>PARTICIPATION DANS LES FOIRES INTERNATIONALES<\/strong><\/a><\/span><\/p>\n<p style=\"text-align: center;\">\u00ab\u00a0Premier Salon International des March\u00e9s Emergents\u00a0\u00bb\u00a0<br \/>Gen\u00e8ve-Mai 1999<br \/>Organis\u00e9 par la Fondation EMA.<br \/>\u00ab\u00a0Expo-Guadalajara &#8211; Forum Bolivar\u00a0\u00bb<br \/>Mexique-D\u00e9cembre 1999<br \/>Organis\u00e9 par le Programme Bolivar.<br \/>\u00ab\u00a0Forum Gen\u00e8ve 2000\u00a0\u00bb<br \/>Gen\u00e8ve-Suisse, Juin 2000<br \/>Organis\u00e9 avec le soutien de la Conf\u00e9d\u00e9ration Suisse<\/p>\n\t\t\t\t\t\t\t\t<\/div>\n\t\t\t\t<\/div>\n\t\t\t\t\t<\/div>\n\t\t<\/div>\n\t\t\t\t\t<\/div>\n\t\t<\/section>\n\t\t\t\t<\/div>\n\t\t","protected":false},"excerpt":{"rendered":"<p>ONG statut consultatif avec ECOSOC, OMPI, CNUCED CONFERENCES INTERNATIONALES (2001-2005) \u00abLes contraintes dans la production et la commercialisation de l\u2019eau dans les pays andins\u00bb Atelier\u00a0: Gestion priv\u00e9e, gestion publique de l\u2019eau 2\u00e8me\u00a0Forum alternative sur l\u2019eau (www.fame2005.org) Universit\u00e9 de Gen\u00e8ve, le 17-20 mars 2005 \u00a0\u00abLes partis politiques et la crise institutionnelle dans le cadre de la &hellip;<\/p>\n<p class=\"read-more\"> <a class=\"\" href=\"https:\/\/www.cecal.net\/inicio\/conferences\/\"> <span class=\"screen-reader-text\">CONFERENCES<\/span> Leer m\u00e1s &raquo;<\/a><\/p>\n","protected":false},"author":1,"featured_media":0,"parent":0,"menu_order":0,"comment_status":"closed","ping_status":"closed","template":"elementor_header_footer","meta":{"footnotes":""},"class_list":["post-1062","page","type-page","status-publish","hentry"],"_links":{"self":[{"href":"https:\/\/www.cecal.net\/inicio\/wp-json\/wp\/v2\/pages\/1062","targetHints":{"allow":["GET"]}}],"collection":[{"href":"https:\/\/www.cecal.net\/inicio\/wp-json\/wp\/v2\/pages"}],"about":[{"href":"https:\/\/www.cecal.net\/inicio\/wp-json\/wp\/v2\/types\/page"}],"author":[{"embeddable":true,"href":"https:\/\/www.cecal.net\/inicio\/wp-json\/wp\/v2\/users\/1"}],"replies":[{"embeddable":true,"href":"https:\/\/www.cecal.net\/inicio\/wp-json\/wp\/v2\/comments?post=1062"}],"version-history":[{"count":56,"href":"https:\/\/www.cecal.net\/inicio\/wp-json\/wp\/v2\/pages\/1062\/revisions"}],"predecessor-version":[{"id":1189,"href":"https:\/\/www.cecal.net\/inicio\/wp-json\/wp\/v2\/pages\/1062\/revisions\/1189"}],"wp:attachment":[{"href":"https:\/\/www.cecal.net\/inicio\/wp-json\/wp\/v2\/media?parent=1062"}],"curies":[{"name":"wp","href":"https:\/\/api.w.org\/{rel}","templated":true}]}}