{"id":513,"date":"2021-01-12T03:04:26","date_gmt":"2021-01-12T03:04:26","guid":{"rendered":"https:\/\/www.cecal.net\/inicio\/?page_id=513"},"modified":"2021-02-10T18:34:42","modified_gmt":"2021-02-10T18:34:42","slug":"presentation","status":"publish","type":"page","link":"https:\/\/www.cecal.net\/inicio\/presentation\/","title":{"rendered":"Pr\u00e9sentation"},"content":{"rendered":"\t\t<div data-elementor-type=\"wp-page\" data-elementor-id=\"513\" class=\"elementor elementor-513\">\n\t\t\t\t\t\t<section class=\"elementor-section elementor-top-section elementor-element elementor-element-26356453 elementor-section-full_width elementor-section-content-middle elementor-section-height-default elementor-section-height-default\" data-id=\"26356453\" data-element_type=\"section\" data-settings=\"{&quot;background_background&quot;:&quot;classic&quot;}\">\n\t\t\t\t\t\t\t<div class=\"elementor-background-overlay\"><\/div>\n\t\t\t\t\t\t\t<div class=\"elementor-container elementor-column-gap-default\">\n\t\t\t\t\t<div class=\"elementor-column elementor-col-100 elementor-top-column elementor-element elementor-element-69afeb45\" data-id=\"69afeb45\" data-element_type=\"column\">\n\t\t\t<div class=\"elementor-widget-wrap elementor-element-populated\">\n\t\t\t\t\t\t<div class=\"elementor-element elementor-element-c6cb774 elementor-widget elementor-widget-image\" data-id=\"c6cb774\" data-element_type=\"widget\" data-widget_type=\"image.default\">\n\t\t\t\t<div class=\"elementor-widget-container\">\n\t\t\t\t\t\t\t\t\t\t\t\t\t\t\t<img fetchpriority=\"high\" decoding=\"async\" width=\"1001\" height=\"126\" src=\"https:\/\/www.cecal.net\/inicio\/wp-content\/uploads\/2021\/02\/2.png\" class=\"attachment-full size-full wp-image-1249\" alt=\"\" srcset=\"https:\/\/www.cecal.net\/inicio\/wp-content\/uploads\/2021\/02\/2.png 1001w, https:\/\/www.cecal.net\/inicio\/wp-content\/uploads\/2021\/02\/2-300x38.png 300w, https:\/\/www.cecal.net\/inicio\/wp-content\/uploads\/2021\/02\/2-768x97.png 768w\" sizes=\"(max-width: 1001px) 100vw, 1001px\" \/>\t\t\t\t\t\t\t\t\t\t\t\t\t\t\t<\/div>\n\t\t\t\t<\/div>\n\t\t\t\t<div class=\"elementor-element elementor-element-33b362d elementor-widget elementor-widget-image\" data-id=\"33b362d\" data-element_type=\"widget\" data-widget_type=\"image.default\">\n\t\t\t\t<div class=\"elementor-widget-container\">\n\t\t\t\t\t\t\t\t\t\t\t\t\t\t\t<img decoding=\"async\" width=\"200\" height=\"164\" src=\"https:\/\/www.cecal.net\/inicio\/wp-content\/uploads\/2021\/01\/r.jpg\" class=\"attachment-large size-large wp-image-300\" alt=\"\" \/>\t\t\t\t\t\t\t\t\t\t\t\t\t\t\t<\/div>\n\t\t\t\t<\/div>\n\t\t\t\t\t<\/div>\n\t\t<\/div>\n\t\t\t\t\t<\/div>\n\t\t<\/section>\n\t\t\t\t<section class=\"elementor-section elementor-top-section elementor-element elementor-element-d4de2a8 elementor-section-boxed elementor-section-height-default elementor-section-height-default\" data-id=\"d4de2a8\" data-element_type=\"section\">\n\t\t\t\t\t\t<div class=\"elementor-container elementor-column-gap-default\">\n\t\t\t\t\t<div class=\"elementor-column elementor-col-100 elementor-top-column elementor-element elementor-element-c938d83\" data-id=\"c938d83\" data-element_type=\"column\">\n\t\t\t<div class=\"elementor-widget-wrap elementor-element-populated\">\n\t\t\t\t\t\t<div class=\"elementor-element elementor-element-c9a25fa elementor-widget elementor-widget-text-editor\" data-id=\"c9a25fa\" data-element_type=\"widget\" data-widget_type=\"text-editor.default\">\n\t\t\t\t<div class=\"elementor-widget-container\">\n\t\t\t\t\t\t\t\t\t<p><img decoding=\"async\" class=\"alignnone wp-image-1253 size-full\" src=\"https:\/\/www.cecal.net\/inicio\/wp-content\/uploads\/2021\/02\/ca.png\" alt=\"\" width=\"253\" height=\"24\" \/><\/p><p>Est une Association Internationale \u00e0 but non lucratif, organis\u00e9e sous forme corporative et r\u00e9gie par les art. 60 et ss. du Code Civil Suisse. Son si\u00e8ge social se trouve \u00e0 Gen\u00e8ve et elle regroupe toutes les personnes physiques et morales en vue d\u2019atteindre les buts suivants\u00a0:<\/p><ul><li>Participer \u00e0 des projets et\/ou programmes d\u2019\u00e9changes et de coop\u00e9ration en collaboration avec des institutions publiques et priv\u00e9es dans les pays latino-am\u00e9ricains\u00a0;<\/li><\/ul><ul><li>Promouvoir, orienter et conseiller, en Suisse et \u00e0 l\u2019\u00e9tranger, les initiatives individuelles ou collectives dans tous les domaines de la coop\u00e9ration international\u00a0;<\/li><\/ul><ul><li>Repr\u00e9senter les institutions latino-am\u00e9ricaines aupr\u00e8s des institutions europ\u00e9ennes et organisations internationales\u00a0;<\/li><\/ul><ul><li>Promouvoir toutes les recherches et \u00e9tudes utiles dans le domaine de la coop\u00e9ration internationale soit de sa propre initiative ou sur mandats des institutions\u00a0;<\/li><\/ul><ul><li>Promouvoir, soutenir, constituer et diriger des projets des institutions publiques et\/ou priv\u00e9es qui se r\u00e9alisent au niveau national ou international\u00a0;<\/li><\/ul><ul><li>Maintenir un service permanent de renseignements concernant les activit\u00e9s li\u00e9es aux pays latino-am\u00e9ricains et europ\u00e9ens\u00a0;<\/li><\/ul><ul><li>Organiser des stages de formation, cours de perfectionnement en collaboration avec d\u2019autres institutions int\u00e9ress\u00e9es\u00a0;<\/li><\/ul><ul><li>Atteindre tous les autres objectifs non express\u00e9ment indiqu\u00e9s dans les paragraphes pr\u00e9c\u00e9dents, mais susceptibles de promouvoir la r\u00e9alisation de toute activit\u00e9 en rapport avec les relations institutionnelles des pays.<\/li><\/ul>\t\t\t\t\t\t\t\t<\/div>\n\t\t\t\t<\/div>\n\t\t\t\t\t<\/div>\n\t\t<\/div>\n\t\t\t\t\t<\/div>\n\t\t<\/section>\n\t\t\t\t<section class=\"elementor-section elementor-top-section elementor-element elementor-element-46cbb355 elementor-section-full_width elementor-section-height-default elementor-section-height-default\" data-id=\"46cbb355\" data-element_type=\"section\" data-settings=\"{&quot;background_background&quot;:&quot;classic&quot;}\">\n\t\t\t\t\t\t<div class=\"elementor-container elementor-column-gap-default\">\n\t\t\t\t\t<div class=\"elementor-column elementor-col-100 elementor-top-column elementor-element elementor-element-6b9f6beb\" data-id=\"6b9f6beb\" data-element_type=\"column\">\n\t\t\t<div class=\"elementor-widget-wrap elementor-element-populated\">\n\t\t\t\t\t\t<div class=\"elementor-element elementor-element-55152882 elementor-widget elementor-widget-heading\" data-id=\"55152882\" data-element_type=\"widget\" data-widget_type=\"heading.default\">\n\t\t\t\t<div class=\"elementor-widget-container\">\n\t\t\t\t\t<h3 class=\"elementor-heading-title elementor-size-large\">\nNous regroupons des personnes physiques et morales pour les objectifs suivants<\/h3>\t\t\t\t<\/div>\n\t\t\t\t<\/div>\n\t\t\t\t<section class=\"elementor-section elementor-inner-section elementor-element elementor-element-1addf820 elementor-section-boxed elementor-section-height-default elementor-section-height-default\" data-id=\"1addf820\" data-element_type=\"section\">\n\t\t\t\t\t\t<div class=\"elementor-container elementor-column-gap-default\">\n\t\t\t\t\t<div class=\"elementor-column elementor-col-33 elementor-inner-column elementor-element elementor-element-76a07ec2 elementor-invisible\" data-id=\"76a07ec2\" data-element_type=\"column\" data-settings=\"{&quot;background_background&quot;:&quot;classic&quot;,&quot;animation&quot;:&quot;zoomIn&quot;,&quot;animation_delay&quot;:400}\">\n\t\t\t<div class=\"elementor-widget-wrap elementor-element-populated\">\n\t\t\t\t\t\t<div class=\"elementor-element elementor-element-6c8fce41 elementor-widget elementor-widget-image\" data-id=\"6c8fce41\" data-element_type=\"widget\" data-widget_type=\"image.default\">\n\t\t\t\t<div class=\"elementor-widget-container\">\n\t\t\t\t\t\t\t\t\t\t\t\t\t\t\t\t<a href=\"https:\/\/www.cecal.net\/inicio\/wp-content\/uploads\/2021\/02\/CATALOGO_PERUSWISS_CECAL_2021.pdf\">\n\t\t\t\t\t\t\t<img loading=\"lazy\" decoding=\"async\" width=\"189\" height=\"189\" src=\"https:\/\/www.cecal.net\/inicio\/wp-content\/uploads\/2021\/01\/empresas-cecal.png\" class=\"attachment-full size-full wp-image-565\" alt=\"\" srcset=\"https:\/\/www.cecal.net\/inicio\/wp-content\/uploads\/2021\/01\/empresas-cecal.png 189w, https:\/\/www.cecal.net\/inicio\/wp-content\/uploads\/2021\/01\/empresas-cecal-150x150.png 150w\" sizes=\"(max-width: 189px) 100vw, 189px\" \/>\t\t\t\t\t\t\t\t<\/a>\n\t\t\t\t\t\t\t\t\t\t\t\t\t\t\t<\/div>\n\t\t\t\t<\/div>\n\t\t\t\t<div class=\"elementor-element elementor-element-65199e39 elementor-widget elementor-widget-text-editor\" data-id=\"65199e39\" data-element_type=\"widget\" data-widget_type=\"text-editor.default\">\n\t\t\t\t<div class=\"elementor-widget-container\">\n\t\t\t\t\t\t\t\t\t<p>Participer \u00e0 des projets et\/ou programmes d\u2019\u00e9changes et de coop\u00e9ration en collaboration avec des institutions publiques et priv\u00e9es dans les pays latino-am\u00e9ricains<\/p>\t\t\t\t\t\t\t\t<\/div>\n\t\t\t\t<\/div>\n\t\t\t\t<div class=\"elementor-element elementor-element-60cf68e6 elementor-widget elementor-widget-heading\" data-id=\"60cf68e6\" data-element_type=\"widget\" data-widget_type=\"heading.default\">\n\t\t\t\t<div class=\"elementor-widget-container\">\n\t\t\t\t\t<h3 class=\"elementor-heading-title elementor-size-large\"><a href=\"https:\/\/www.cecal.net\/inicio\/wp-content\/uploads\/2021\/02\/CATALOGO_PERUSWISS_CECAL_2021.pdf\">PROMOTION COMMERCIALE<\/a><\/h3>\t\t\t\t<\/div>\n\t\t\t\t<\/div>\n\t\t\t\t\t<\/div>\n\t\t<\/div>\n\t\t\t\t<div class=\"elementor-column elementor-col-33 elementor-inner-column elementor-element elementor-element-30354857 elementor-invisible\" data-id=\"30354857\" data-element_type=\"column\" data-settings=\"{&quot;background_background&quot;:&quot;classic&quot;,&quot;animation&quot;:&quot;zoomIn&quot;,&quot;animation_delay&quot;:1600}\">\n\t\t\t<div class=\"elementor-widget-wrap elementor-element-populated\">\n\t\t\t\t\t\t<div class=\"elementor-element elementor-element-1d93f3ed elementor-widget elementor-widget-image\" data-id=\"1d93f3ed\" data-element_type=\"widget\" data-widget_type=\"image.default\">\n\t\t\t\t<div class=\"elementor-widget-container\">\n\t\t\t\t\t\t\t\t\t\t\t\t\t\t\t\t<a href=\"https:\/\/www.cecal.net\/inicio\/wp-content\/uploads\/2021\/02\/BROCHURE_PERMANENCE_CECAL_2021.pdf\">\n\t\t\t\t\t\t\t<img loading=\"lazy\" decoding=\"async\" width=\"189\" height=\"189\" src=\"https:\/\/www.cecal.net\/inicio\/wp-content\/uploads\/2021\/01\/cecal-cecal.png\" class=\"attachment-full size-full wp-image-571\" alt=\"\" srcset=\"https:\/\/www.cecal.net\/inicio\/wp-content\/uploads\/2021\/01\/cecal-cecal.png 189w, https:\/\/www.cecal.net\/inicio\/wp-content\/uploads\/2021\/01\/cecal-cecal-150x150.png 150w\" sizes=\"(max-width: 189px) 100vw, 189px\" \/>\t\t\t\t\t\t\t\t<\/a>\n\t\t\t\t\t\t\t\t\t\t\t\t\t\t\t<\/div>\n\t\t\t\t<\/div>\n\t\t\t\t<div class=\"elementor-element elementor-element-ddf7c04 elementor-widget elementor-widget-text-editor\" data-id=\"ddf7c04\" data-element_type=\"widget\" data-widget_type=\"text-editor.default\">\n\t\t\t\t<div class=\"elementor-widget-container\">\n\t\t\t\t\t\t\t\t\t<p>Promouvoir, orienter et conseiller, en Suisse et \u00e0 l\u2019\u00e9tranger, les initiatives individuelles ou collectives dans tous les domaines de la coop\u00e9ration international<\/p>\t\t\t\t\t\t\t\t<\/div>\n\t\t\t\t<\/div>\n\t\t\t\t<div class=\"elementor-element elementor-element-7a777922 elementor-widget elementor-widget-heading\" data-id=\"7a777922\" data-element_type=\"widget\" data-widget_type=\"heading.default\">\n\t\t\t\t<div class=\"elementor-widget-container\">\n\t\t\t\t\t<h3 class=\"elementor-heading-title elementor-size-large\"><a href=\"https:\/\/www.cecal.net\/inicio\/wp-content\/uploads\/2021\/02\/BROCHURE_PERMANENCE_CECAL_2021.pdf\">Permanence<\/a><\/h3>\t\t\t\t<\/div>\n\t\t\t\t<\/div>\n\t\t\t\t\t<\/div>\n\t\t<\/div>\n\t\t\t\t<div class=\"elementor-column elementor-col-33 elementor-inner-column elementor-element elementor-element-16a46f93 elementor-invisible\" data-id=\"16a46f93\" data-element_type=\"column\" data-settings=\"{&quot;background_background&quot;:&quot;classic&quot;,&quot;animation&quot;:&quot;zoomIn&quot;,&quot;animation_delay&quot;:2200}\">\n\t\t\t<div class=\"elementor-widget-wrap elementor-element-populated\">\n\t\t\t\t\t\t<div class=\"elementor-element elementor-element-3630ebd8 elementor-widget elementor-widget-image\" data-id=\"3630ebd8\" data-element_type=\"widget\" data-widget_type=\"image.default\">\n\t\t\t\t<div class=\"elementor-widget-container\">\n\t\t\t\t\t\t\t\t\t\t\t\t\t\t\t\t<a href=\"https:\/\/www.cecal.net\/inicio\/wp-content\/uploads\/2021\/02\/STAGES_BOURSES_CECAL_2021_2022.pdf\">\n\t\t\t\t\t\t\t<img loading=\"lazy\" decoding=\"async\" width=\"189\" height=\"189\" src=\"https:\/\/www.cecal.net\/inicio\/wp-content\/uploads\/2021\/01\/empresa-celi.png\" class=\"attachment-full size-full wp-image-569\" alt=\"\" srcset=\"https:\/\/www.cecal.net\/inicio\/wp-content\/uploads\/2021\/01\/empresa-celi.png 189w, https:\/\/www.cecal.net\/inicio\/wp-content\/uploads\/2021\/01\/empresa-celi-150x150.png 150w\" sizes=\"(max-width: 189px) 100vw, 189px\" \/>\t\t\t\t\t\t\t\t<\/a>\n\t\t\t\t\t\t\t\t\t\t\t\t\t\t\t<\/div>\n\t\t\t\t<\/div>\n\t\t\t\t<div class=\"elementor-element elementor-element-63014b1c elementor-widget elementor-widget-text-editor\" data-id=\"63014b1c\" data-element_type=\"widget\" data-widget_type=\"text-editor.default\">\n\t\t\t\t<div class=\"elementor-widget-container\">\n\t\t\t\t\t\t\t\t\t<p>Le CECAL dans le cadre de son programme de \u00ab Stages 2021-2022 \u00bb met \u00e0 disposition des professionnels du droit, de l\u2019\u00e9conomie, des relations internationales<\/p>\t\t\t\t\t\t\t\t<\/div>\n\t\t\t\t<\/div>\n\t\t\t\t<div class=\"elementor-element elementor-element-5b26c96d elementor-widget elementor-widget-heading\" data-id=\"5b26c96d\" data-element_type=\"widget\" data-widget_type=\"heading.default\">\n\t\t\t\t<div class=\"elementor-widget-container\">\n\t\t\t\t\t<h3 class=\"elementor-heading-title elementor-size-large\"><a href=\"https:\/\/www.cecal.net\/inicio\/wp-content\/uploads\/2021\/02\/STAGES_BOURSES_CECAL_2021_2022.pdf\">bourses<\/a><\/h3>\t\t\t\t<\/div>\n\t\t\t\t<\/div>\n\t\t\t\t\t<\/div>\n\t\t<\/div>\n\t\t\t\t\t<\/div>\n\t\t<\/section>\n\t\t\t\t\t<\/div>\n\t\t<\/div>\n\t\t\t\t\t<\/div>\n\t\t<\/section>\n\t\t\t\t<section class=\"elementor-section elementor-top-section elementor-element elementor-element-49cd0097 elementor-section-boxed elementor-section-height-default elementor-section-height-default\" data-id=\"49cd0097\" data-element_type=\"section\">\n\t\t\t\t\t\t<div class=\"elementor-container elementor-column-gap-default\">\n\t\t\t\t\t<div class=\"elementor-column elementor-col-100 elementor-top-column elementor-element elementor-element-207f8cc0\" data-id=\"207f8cc0\" data-element_type=\"column\">\n\t\t\t<div class=\"elementor-widget-wrap elementor-element-populated\">\n\t\t\t\t\t\t<div class=\"elementor-element elementor-element-bc6ec87 elementor-widget elementor-widget-shortcode\" data-id=\"bc6ec87\" data-element_type=\"widget\" data-widget_type=\"shortcode.default\">\n\t\t\t\t<div class=\"elementor-widget-container\">\n\t\t\t\t\t\t\t<div class=\"elementor-shortcode\">\r\n            <style type=\"text\/css\">\r\n\r\n                \r\n                                .lcs_logo_container a.lcs_logo_link:hover { border: 1px solid #A0A0A0; ?>; }\r\n                .lcs_logo_container a:hover img { -moz-transform: scale(1.05); -webkit-transform: scale(1.05); -o-transform: scale(1.05); -ms-transform: scale(1.05); transform: scale(1.05); }\r\n                                                .lcs_logo_container a.lcs_logo_link, .lcs_logo_container a.lcs_logo_link:hover { border: none; }\r\n                                #lcs_logo_carousel_wrapper .owl-nav {\r\n                    position: absolute;\r\n                    margin-top: 0;\r\n                }\r\n\r\n                \/* TOP Right*\/\r\n                                #lcs_logo_carousel_wrapper .owl-nav {\r\n                    right: 0;\r\n                    top: -34px;\r\n                }\r\n                                \/* TOP Left*\/\r\n                \r\n                #lcs_logo_carousel_wrapper .owl-nav div {\r\n                    background: #ffffff;\r\n                    border-radius: 2px;\r\n                    margin: 2px;\r\n                    padding: 0;\r\n                    width: 27px;\r\n                    height: 27px;\r\n                    line-height: 20px;\r\n                    font-size: 22px;\r\n                    color: #ccc;\r\n                    border: 1px solid #ccc;\r\n                    opacity: 1;\r\n                    z-index: 999;\r\n                    -moz-transition: all 0.3s linear;\r\n                    -o-transition: all 0.3s linear;\r\n                    -webkit-transition: all 0.3s linear;\r\n                    transition: all 0.3s linear;\r\n            <\/style>\r\n\r\n                        <div id=\"lcs_logo_carousel_wrapper\">\r\n                <div id=\"lcs_logo_carousel_slider\" class=\"owl-carousel owl-theme\">\r\n                    \r\n                                                <div class=\"lcs_logo_container\">\r\n\r\n\r\n                                                            <a href=\"https:\/\/academia-business.com\/\" class=\"lcs_logo_link\" target=\"_blank\">\r\n                                    <img decoding=\"async\" src=\"https:\/\/www.cecal.net\/inicio\/wp-content\/uploads\/2021\/02\/acad.png\" alt=\"\" \/>                                <\/a>\r\n                                                                                <\/div>\r\n                    \r\n                                                <div class=\"lcs_logo_container\">\r\n\r\n\r\n                                                            <a href=\"https:\/\/celi-vegas.com.pe\/\" class=\"lcs_logo_link\" target=\"_blank\">\r\n                                    <img decoding=\"async\" src=\"https:\/\/www.cecal.net\/inicio\/wp-content\/uploads\/2021\/02\/cely.png\" alt=\"\" \/>                                <\/a>\r\n                                                                                <\/div>\r\n                    \r\n                                                <div class=\"lcs_logo_container\">\r\n\r\n\r\n                                                            <a href=\"https:\/\/www.celi-vegas-avocats.net\/\" class=\"lcs_logo_link\" target=\"_blank\">\r\n                                    <img decoding=\"async\" src=\"https:\/\/www.cecal.net\/inicio\/wp-content\/uploads\/2021\/02\/adr.png\" alt=\"\" \/>                                <\/a>\r\n                                                                                <\/div>\r\n                    \r\n                                                <div class=\"lcs_logo_container\">\r\n\r\n\r\n                                                            <a href=\"https:\/\/www.cecal.net\/\" class=\"lcs_logo_link\" target=\"_blank\">\r\n                                    <img decoding=\"async\" src=\"https:\/\/www.cecal.net\/inicio\/wp-content\/uploads\/2021\/02\/eccla.png\" alt=\"\" \/>                                <\/a>\r\n                                                                                <\/div>\r\n                    \r\n                                                <div class=\"lcs_logo_container\">\r\n\r\n\r\n                                                            <a href=\"http:\/\/www.peruswiss.org\/\" class=\"lcs_logo_link\" target=\"_blank\">\r\n                                    <img decoding=\"async\" src=\"https:\/\/www.cecal.net\/inicio\/wp-content\/uploads\/2021\/02\/peruwiss.png\" alt=\"\" \/>                                <\/a>\r\n                                                                                <\/div>\r\n                                                        <\/div> <!-- End lcs_logo_carousel_slider -->\r\n            <\/div> <!--ends #lcs_logo_carousel_wrapper-->\r\n\r\n            <!--UPDATED Carousel VERSION CODE-->\r\n            <!--INITIALIZE THE SLIDER-->\r\n            <script>\r\n                jQuery(document).ready(function($){\r\n                    var logoSlider = $(\"#lcs_logo_carousel_slider\");\r\n\r\n                    logoSlider.owlCarousel({\r\n                        loop:true,\r\n                        autoWidth:false,\r\n                        responsiveClass:true,\r\n                        dots:false,\r\n                        autoplay:true,\r\n\r\n                        autoplayTimeout: 4000,\r\n                        autoplayHoverPause: false,\r\n                        dotData:true,\r\n                        dotsEach:false,\r\n                        slideBy:1,\r\n                        rtl:false,\r\n                        nav:true,\r\n                        navText:['\u2039','\u203a'],\r\n                        smartSpeed: 1000, \/\/ it smooths the transition\r\n                        responsive:{\r\n                            0 : {\r\n                                items:2\r\n                            },\r\n                            500: {\r\n                                items:3\r\n                            },\r\n                            600 : {\r\n                                items:3\r\n                            },\r\n                            768:{\r\n                                items:4\r\n                            },\r\n                            1199:{\r\n                                items:5                            }\r\n                        }\r\n                    });\r\n\r\n\r\n                    \/\/ custom navigation button for slider\r\n                    \/\/ at first. let us cache the element\r\n                    var $lcs_wrap = $('#lcs_logo_carousel_wrapper');\r\n                    \/\/ Go to the next item\r\n                    $lcs_wrap.on('click', '.prev', function () {\r\n                        logoSlider.trigger('prev.owl.carousel');\r\n                    });\r\n\r\n                    \/\/ Go to the previous item\r\n                    $lcs_wrap.on('click', '.next', function () {\r\n                        \/\/ With optional speed parameter\r\n                        \/\/ Parameters has to be in square bracket '[]'\r\n                        logoSlider.trigger('next.owl.carousel');\r\n                    })\r\n\r\n\r\n                });\r\n            <\/script>\r\n            <\/div>\n\t\t\t\t\t\t<\/div>\n\t\t\t\t<\/div>\n\t\t\t\t\t<\/div>\n\t\t<\/div>\n\t\t\t\t\t<\/div>\n\t\t<\/section>\n\t\t\t\t<section class=\"elementor-section elementor-top-section elementor-element elementor-element-e1b26d0 elementor-section-content-middle elementor-section-boxed elementor-section-height-default elementor-section-height-default\" data-id=\"e1b26d0\" data-element_type=\"section\" data-settings=\"{&quot;background_background&quot;:&quot;classic&quot;,&quot;shape_divider_top&quot;:&quot;opacity-tilt&quot;}\">\n\t\t\t\t\t\t\t<div class=\"elementor-background-overlay\"><\/div>\n\t\t\t\t\t\t<div class=\"elementor-shape elementor-shape-top\" aria-hidden=\"true\" data-negative=\"false\">\n\t\t\t<svg xmlns=\"http:\/\/www.w3.org\/2000\/svg\" viewBox=\"0 0 2600 131.1\" preserveAspectRatio=\"none\">\n\t<path class=\"elementor-shape-fill\" d=\"M0 0L2600 0 2600 69.1 0 0z\"\/>\n\t<path class=\"elementor-shape-fill\" style=\"opacity:0.5\" d=\"M0 0L2600 0 2600 69.1 0 69.1z\"\/>\n\t<path class=\"elementor-shape-fill\" style=\"opacity:0.25\" d=\"M2600 0L0 0 0 130.1 2600 69.1z\"\/>\n<\/svg>\t\t<\/div>\n\t\t\t\t\t<div class=\"elementor-container elementor-column-gap-default\">\n\t\t\t\t\t<div class=\"elementor-column elementor-col-50 elementor-top-column elementor-element elementor-element-b8c4141 elementor-invisible\" data-id=\"b8c4141\" data-element_type=\"column\" data-settings=\"{&quot;animation&quot;:&quot;fadeInLeft&quot;,&quot;animation_delay&quot;:750}\">\n\t\t\t<div class=\"elementor-widget-wrap elementor-element-populated\">\n\t\t\t\t\t\t<div class=\"elementor-element elementor-element-9dda338 elementor-widget elementor-widget-heading\" data-id=\"9dda338\" data-element_type=\"widget\" data-widget_type=\"heading.default\">\n\t\t\t\t<div class=\"elementor-widget-container\">\n\t\t\t\t\t<h2 class=\"elementor-heading-title elementor-size-large\">LES REPRESENTATIONS DANS LES PAYS LATINO-AMERICAINS ET EUROP\u00c9ENS<\/h2>\t\t\t\t<\/div>\n\t\t\t\t<\/div>\n\t\t\t\t<div class=\"elementor-element elementor-element-bce0613 elementor-widget-divider--view-line elementor-widget elementor-widget-divider\" data-id=\"bce0613\" data-element_type=\"widget\" data-widget_type=\"divider.default\">\n\t\t\t\t<div class=\"elementor-widget-container\">\n\t\t\t\t\t\t\t<div class=\"elementor-divider\">\n\t\t\t<span class=\"elementor-divider-separator\">\n\t\t\t\t\t\t<\/span>\n\t\t<\/div>\n\t\t\t\t\t\t<\/div>\n\t\t\t\t<\/div>\n\t\t\t\t<div class=\"elementor-element elementor-element-23a2be0 elementor-vertical-align-top elementor-widget elementor-widget-image-box\" data-id=\"23a2be0\" data-element_type=\"widget\" data-widget_type=\"image-box.default\">\n\t\t\t\t<div class=\"elementor-widget-container\">\n\t\t\t\t\t<div class=\"elementor-image-box-wrapper\"><div class=\"elementor-image-box-content\"><p class=\"elementor-image-box-description\">Le Comit\u00e9 Ex\u00e9cutif de CECAL a la facult\u00e9 de cr\u00e9er des sections nationales ou r\u00e9gionales, soit sur sa propre initiative, soit \u00e0 la requ\u00eate des soci\u00e9taires fondateurs ou des soci\u00e9taires actifs r\u00e9sidant dans une r\u00e9gion ou un pays donn\u00e9s.<\/p><\/div><\/div>\t\t\t\t<\/div>\n\t\t\t\t<\/div>\n\t\t\t\t\t<\/div>\n\t\t<\/div>\n\t\t\t\t<div class=\"elementor-column elementor-col-50 elementor-top-column elementor-element elementor-element-da09488 elementor-sm-100 elementor-invisible\" data-id=\"da09488\" data-element_type=\"column\" data-settings=\"{&quot;animation&quot;:&quot;fadeInRight&quot;,&quot;animation_delay&quot;:1050}\">\n\t\t\t<div class=\"elementor-widget-wrap elementor-element-populated\">\n\t\t\t\t\t\t<div class=\"elementor-element elementor-element-d76c9c5 elementor-widget elementor-widget-image\" data-id=\"d76c9c5\" data-element_type=\"widget\" data-widget_type=\"image.default\">\n\t\t\t\t<div class=\"elementor-widget-container\">\n\t\t\t\t\t\t\t\t\t\t\t\t\t\t\t<img loading=\"lazy\" decoding=\"async\" width=\"500\" height=\"500\" src=\"https:\/\/www.cecal.net\/inicio\/wp-content\/uploads\/2021\/01\/LOGO-12.jpg\" class=\"attachment-large size-large wp-image-450\" alt=\"\" srcset=\"https:\/\/www.cecal.net\/inicio\/wp-content\/uploads\/2021\/01\/LOGO-12.jpg 500w, https:\/\/www.cecal.net\/inicio\/wp-content\/uploads\/2021\/01\/LOGO-12-300x300.jpg 300w, https:\/\/www.cecal.net\/inicio\/wp-content\/uploads\/2021\/01\/LOGO-12-150x150.jpg 150w\" sizes=\"(max-width: 500px) 100vw, 500px\" \/>\t\t\t\t\t\t\t\t\t\t\t\t\t\t\t<\/div>\n\t\t\t\t<\/div>\n\t\t\t\t\t<\/div>\n\t\t<\/div>\n\t\t\t\t\t<\/div>\n\t\t<\/section>\n\t\t\t\t<\/div>\n\t\t","protected":false},"excerpt":{"rendered":"<p>Est une Association Internationale \u00e0 but non lucratif, organis\u00e9e sous forme corporative et r\u00e9gie par les art. 60 et ss. du Code Civil Suisse. Son si\u00e8ge social se trouve \u00e0 Gen\u00e8ve et elle regroupe toutes les personnes physiques et morales en vue d\u2019atteindre les buts suivants\u00a0: Participer \u00e0 des projets et\/ou programmes d\u2019\u00e9changes et de &hellip;<\/p>\n<p class=\"read-more\"> <a class=\"\" href=\"https:\/\/www.cecal.net\/inicio\/logo\/peru-wiss\/\"> <span class=\"screen-reader-text\">Peru wiss<\/span> Leer m\u00e1s &raquo;<\/a><\/p>\n","protected":false},"author":1,"featured_media":0,"parent":0,"menu_order":0,"comment_status":"closed","ping_status":"open","template":"elementor_header_footer","meta":{"footnotes":""},"class_list":["post-513","page","type-page","status-publish","hentry"],"_links":{"self":[{"href":"https:\/\/www.cecal.net\/inicio\/wp-json\/wp\/v2\/pages\/513","targetHints":{"allow":["GET"]}}],"collection":[{"href":"https:\/\/www.cecal.net\/inicio\/wp-json\/wp\/v2\/pages"}],"about":[{"href":"https:\/\/www.cecal.net\/inicio\/wp-json\/wp\/v2\/types\/page"}],"author":[{"embeddable":true,"href":"https:\/\/www.cecal.net\/inicio\/wp-json\/wp\/v2\/users\/1"}],"replies":[{"embeddable":true,"href":"https:\/\/www.cecal.net\/inicio\/wp-json\/wp\/v2\/comments?post=513"}],"version-history":[{"count":98,"href":"https:\/\/www.cecal.net\/inicio\/wp-json\/wp\/v2\/pages\/513\/revisions"}],"predecessor-version":[{"id":1324,"href":"https:\/\/www.cecal.net\/inicio\/wp-json\/wp\/v2\/pages\/513\/revisions\/1324"}],"wp:attachment":[{"href":"https:\/\/www.cecal.net\/inicio\/wp-json\/wp\/v2\/media?parent=513"}],"curies":[{"name":"wp","href":"https:\/\/api.w.org\/{rel}","templated":true}]}}